{"id":12502,"date":"2021-11-30T17:54:15","date_gmt":"2021-11-30T17:54:15","guid":{"rendered":"http:\/\/s524163164.online.de\/?page_id=12502"},"modified":"2026-03-16T21:11:37","modified_gmt":"2026-03-16T21:11:37","slug":"impressum-datenschutz","status":"publish","type":"page","link":"https:\/\/tgfag.de\/en\/impressum-datenschutz\/","title":{"rendered":"Impressum &#038; Datenschutz"},"content":{"rendered":"<div data-elementor-type=\"wp-post\" data-elementor-id=\"12502\" class=\"elementor elementor-12502\" data-elementor-post-type=\"page\">\n\t\t\t\t\t\t<section class=\"elementor-section elementor-top-section elementor-element elementor-element-32b80e1 elementor-section-stretched elementor-section-boxed elementor-section-height-default elementor-section-height-default\" data-id=\"32b80e1\" data-element_type=\"section\" data-e-type=\"section\" data-settings=\"{&quot;stretch_section&quot;:&quot;section-stretched&quot;,&quot;background_background&quot;:&quot;classic&quot;,&quot;shape_divider_bottom&quot;:&quot;curve&quot;,&quot;shape_divider_bottom_negative&quot;:&quot;yes&quot;}\">\n\t\t\t\t\t\t\t<div class=\"elementor-background-overlay\"><\/div>\n\t\t\t\t\t\t<div class=\"elementor-shape elementor-shape-bottom\" aria-hidden=\"true\" data-negative=\"true\">\n\t\t\t<svg xmlns=\"http:\/\/www.w3.org\/2000\/svg\" viewbox=\"0 0 1000 100\" preserveaspectratio=\"none\">\n\t<path class=\"elementor-shape-fill\" d=\"M500,97C126.7,96.3,0.8,19.8,0,0v100l1000,0V1C1000,19.4,873.3,97.8,500,97z\"\/>\n<\/svg>\t\t<\/div>\n\t\t\t\t\t<div class=\"elementor-container elementor-column-gap-default\">\n\t\t\t\t\t<div class=\"elementor-column elementor-col-100 elementor-top-column elementor-element elementor-element-bb947a2 animated-slow elementor-invisible\" data-id=\"bb947a2\" data-element_type=\"column\" data-e-type=\"column\" data-settings=\"{&quot;animation&quot;:&quot;fadeIn&quot;,&quot;animation_delay&quot;:500}\">\n\t\t\t<div class=\"elementor-widget-wrap elementor-element-populated\">\n\t\t\t\t\t\t<div class=\"elementor-element elementor-element-dc8395f elementor-widget elementor-widget-spacer\" data-id=\"dc8395f\" data-element_type=\"widget\" data-e-type=\"widget\" data-widget_type=\"spacer.default\">\n\t\t\t\t<div class=\"elementor-widget-container\">\n\t\t\t\t\t\t\t<div class=\"elementor-spacer\">\n\t\t\t<div class=\"elementor-spacer-inner\"><\/div>\n\t\t<\/div>\n\t\t\t\t\t\t<\/div>\n\t\t\t\t<\/div>\n\t\t\t\t<div class=\"elementor-element elementor-element-fc12220 elementor-widget elementor-widget-heading\" data-id=\"fc12220\" data-element_type=\"widget\" data-e-type=\"widget\" data-widget_type=\"heading.default\">\n\t\t\t\t<div class=\"elementor-widget-container\">\n\t\t\t\t\t<h2 class=\"elementor-heading-title elementor-size-default\">Impressum &amp; Datenschutz<\/h2>\t\t\t\t<\/div>\n\t\t\t\t<\/div>\n\t\t\t\t\t<\/div>\n\t\t<\/div>\n\t\t\t\t\t<\/div>\n\t\t<\/section>\n\t\t\t\t<section class=\"elementor-section elementor-top-section elementor-element elementor-element-45b478c elementor-section-boxed elementor-section-height-default elementor-section-height-default\" data-id=\"45b478c\" data-element_type=\"section\" data-e-type=\"section\">\n\t\t\t\t\t\t<div class=\"elementor-container elementor-column-gap-default\">\n\t\t\t\t\t<div class=\"elementor-column elementor-col-50 elementor-top-column elementor-element elementor-element-b328d9b\" data-id=\"b328d9b\" data-element_type=\"column\" data-e-type=\"column\">\n\t\t\t<div class=\"elementor-widget-wrap elementor-element-populated\">\n\t\t\t\t\t\t<div class=\"elementor-element elementor-element-1b287fd elementor-widget elementor-widget-text-editor\" data-id=\"1b287fd\" data-element_type=\"widget\" data-e-type=\"widget\" data-widget_type=\"text-editor.default\">\n\t\t\t\t<div class=\"elementor-widget-container\">\n\t\t\t\t\t\t\t\t\t<div class=\"col-sm-6\"><p><strong>Anbieter: The Global Fine Art GmbH<\/strong><\/p><p><strong>Vertreten durch den Gesch\u00e4ftsf\u00fchrer Dr. Arne Frhr. von Neubeck<\/strong><\/p><p><strong>Kontakt:<\/strong><\/p><p>Maximilianstra\u00dfe 54<br \/>86150 Augsburg<br \/>Deutschland<\/p><p>Telefon: +49 (0) 821 448 069 85<br \/>Telefax: +49 (0) 821 448 069 87<\/p><p><strong>eMail:<\/strong>\u00a0<a href=\"mailto:office@tgfag.de\">office@tgfag.de<\/a><br \/><strong>Web:<\/strong>\u00a0<a href=\"https:\/\/tgfag.de\/en\/impressum\/www.tgfag.de\/\">www.tgfag.de<\/a><\/p><\/div><div class=\"col-sm-6\">\u00a0<\/div><p><!-- \/wp:paragraph --><\/p>\t\t\t\t\t\t\t\t<\/div>\n\t\t\t\t<\/div>\n\t\t\t\t\t<\/div>\n\t\t<\/div>\n\t\t\t\t<div class=\"elementor-column elementor-col-50 elementor-top-column elementor-element elementor-element-3a96e92\" data-id=\"3a96e92\" data-element_type=\"column\" data-e-type=\"column\">\n\t\t\t<div class=\"elementor-widget-wrap elementor-element-populated\">\n\t\t\t\t\t\t<div class=\"elementor-element elementor-element-11cf6e6 elementor-widget elementor-widget-text-editor\" data-id=\"11cf6e6\" data-element_type=\"widget\" data-e-type=\"widget\" data-widget_type=\"text-editor.default\">\n\t\t\t\t<div class=\"elementor-widget-container\">\n\t\t\t\t\t\t\t\t\t<div><div><p><strong>Handelsregister Amtsgericht Augsburg, HRB 28702<\/strong><\/p><\/div><div><p>Sitz der Gesellschaft: Augsburg \u00a0<\/p><p>Umsatzsteuer-Identifikationsnummer gem\u00e4\u00df \u00a7 27a UStG: DE294804459<\/p><p><strong>Verantwortlich f\u00fcr journalistisch-redaktionelle Inhalte gem\u00e4\u00df \u00a7 18 Abs. 2 Medienstaatsvertrag (MStV): <\/strong>Gesch\u00e4ftsf\u00fchrer<br \/>Dr. Arne Frhr. von Neubeck<br \/>Maximilianstra\u00dfe 54<br \/>D-86150 Augsburg<\/p><p>Bildrechte: Sofern nicht anders angegeben, liegen die Bildrechte bei den jeweiligen K\u00fcnstlerinnen, K\u00fcnstlern, Nachl\u00e4ssen oder sonstigen Rechteinhabern.<\/p><p>Hinweis gem\u00e4\u00df \u00a7 36 Verbraucherstreitbeilegungsgesetz (VSBG): Wir sind nicht verpflichtet und nicht bereit, an Streitbeilegungsverfahren vor einer Verbraucherschlichtungsstelle teilzunehmen.<\/p><\/div><\/div><p><!-- \/wp:paragraph --><\/p>\t\t\t\t\t\t\t\t<\/div>\n\t\t\t\t<\/div>\n\t\t\t\t\t<\/div>\n\t\t<\/div>\n\t\t\t\t\t<\/div>\n\t\t<\/section>\n\t\t\t\t<section class=\"elementor-section elementor-top-section elementor-element elementor-element-78f94f2 elementor-section-boxed elementor-section-height-default elementor-section-height-default\" data-id=\"78f94f2\" data-element_type=\"section\" data-e-type=\"section\">\n\t\t\t\t\t\t<div class=\"elementor-container elementor-column-gap-default\">\n\t\t\t\t\t<div class=\"elementor-column elementor-col-100 elementor-top-column elementor-element elementor-element-0c169d1\" data-id=\"0c169d1\" data-element_type=\"column\" data-e-type=\"column\">\n\t\t\t<div class=\"elementor-widget-wrap elementor-element-populated\">\n\t\t\t\t\t\t<div class=\"elementor-element elementor-element-5f21445 elementor-widget elementor-widget-text-editor\" data-id=\"5f21445\" data-element_type=\"widget\" data-e-type=\"widget\" data-widget_type=\"text-editor.default\">\n\t\t\t\t<div class=\"elementor-widget-container\">\n\t\t\t\t\t\t\t\t\t<div class=\"col-sm-6\"><div class=\"col-sm-6\"><h3>DATENSCHUTZERKL\u00c4RUNG<\/h3><p>Stand: M\u00e4rz 2026<\/p><h4>1. Verantwortlicher<\/h4><p>The Global Fine Art GmbH<br \/>Maximilianstra\u00dfe 54<br \/>86150 Augsburg<br \/>Deutschland<\/p><p>Telefon: +49 (0) 821 448 069 85<br \/>E-Mail: office@tgfag.de<\/p><h4>2. Hosting<\/h4><p>Unsere Website wird bei der IONOS SE, Elgendorfer Stra\u00dfe 57, 56410 Montabaur, Deutschland, gehostet. Mit dem Hosting-Anbieter besteht ein Vertrag zur Auftragsverarbeitung gem\u00e4\u00df Art. 28 DSGVO. Beim Aufruf unserer Website werden durch den Server automatisch folgende Daten verarbeitet:<\/p><p>&#8211; IP-Adresse<br \/>&#8211; Datum und Uhrzeit des Zugriffs<br \/>&#8211; aufgerufene Seite<br \/>&#8211; Browsertyp und Browserversion<br \/>&#8211; verwendetes Betriebssystem<\/p><p>Diese Daten sind technisch erforderlich, um die Website bereitzustellen und die Sicherheit des Systems zu gew\u00e4hrleisten. Rechtsgrundlage ist Art. 6 Abs. 1 lit. f DSGVO.<\/p><h4>3. Kontaktaufnahme<\/h4><p>Wenn Sie uns per E-Mail kontaktieren, verarbeiten wir Ihre Angaben zur Bearbeitung Ihrer Anfrage. Rechtsgrundlage ist Art. 6 Abs. 1 lit. b DSGVO (bei Anfragen im Zusammenhang mit einem Vertrag oder vorvertraglichen Ma\u00dfnahmen) oder Art. 6 Abs. 1 lit. f DSGVO. Die Daten werden gel\u00f6scht, sobald sie f\u00fcr die Bearbeitung nicht mehr erforderlich sind und keine gesetzlichen Aufbewahrungspflichten bestehen.<\/p><h4>4. Newsletter<\/h4><p>F\u00fcr den Versand unseres Newsletters nutzen wir den Dienst rapidmail GmbH, Wentzingerstra\u00dfe 21, 79106 Freiburg im Breisgau, Deutschland. Die Anmeldung erfolgt im sogenannten Double-Opt-In-Verfahren. Nach der Anmeldung erhalten Sie eine E-Mail, in der Sie Ihre Anmeldung best\u00e4tigen m\u00fcssen. Rechtsgrundlage f\u00fcr die Verarbeitung ist Ihre Einwilligung gem\u00e4\u00df Art. 6 Abs. 1 lit. a DSGVO. Mit rapidmail besteht ein Vertrag zur Auftragsverarbeitung gem\u00e4\u00df Art. 28 DSGVO.<\/p><p>Sie k\u00f6nnen Ihre Einwilligung jederzeit mit Wirkung f\u00fcr die Zukunft widerrufen, beispielsweise \u00fcber den Abmeldelink im Newsletter oder per Mitteilung an uns.<\/p><h4>5. Calendly<\/h4><p>Auf unserer Website haben Sie die M\u00f6glichkeit, Termine mit uns zu vereinbaren. F\u00fcr die Terminbuchung nutzen wir das Tool \u201eCalendly\u201c. Anbieter ist die Calendly LLC, 271 17th St NW, 10th Floor, Atlanta, Georgia 30363, USA (nachfolgend \u201eCalendly\u201c).<\/p><p>Zum Zweck der Terminbuchung geben Sie die abgefragten Daten und den Wunschtermin in die daf\u00fcr vorgesehene Maske ein. Die eingegebenen Daten werden f\u00fcr die Planung, Durchf\u00fchrung und ggf. f\u00fcr die Nachbereitung des Termins verwendet. Die Termindaten werden f\u00fcr uns auf den Servern von Calendly gespeichert, dessen Datenschutzerkl\u00e4rung Sie hier einsehen k\u00f6nnen: <a href=\"https:\/\/calendly.com\/privacy\" target=\"_blank\" rel=\"noopener\">https:\/\/calendly.com\/privacy<\/a>.<\/p><p>Die von Ihnen eingegebenen Daten verbleiben bei uns, bis Sie uns zur L\u00f6schung auffordern, Ihre Einwilligung zur Speicherung widerrufen oder der Zweck f\u00fcr die Datenspeicherung entf\u00e4llt. Zwingende gesetzliche Bestimmungen \u2013 insbesondere Aufbewahrungsfristen \u2013 bleiben unber\u00fchrt.<\/p><p>Rechtsgrundlage f\u00fcr die Datenverarbeitung ist Art. 6 Abs. 1 lit. f DSGVO. Der Websitebetreiber hat ein berechtigtes Interesse an einer m\u00f6glichst unkomplizierten Terminvereinbarung mit Interessenten und Kunden. Sofern eine entsprechende Einwilligung abgefragt wurde, erfolgt die Verarbeitung ausschlie\u00dflich auf Grundlage von Art. 6 Abs. 1 lit. a DSGVO und \u00a7 25 Abs. 1 TDDDG, soweit die Einwilligung die Speicherung von Cookies oder den Zugriff auf Informationen im Endger\u00e4t des Nutzers (z.\u00a0B. Device-Fingerprinting) im Sinne des TDDDG umfasst. Die Einwilligung ist jederzeit widerrufbar.<\/p><p>Die Daten\u00fcbertragung in die USA wird auf die Standardvertragsklauseln der EU-Kommission gest\u00fctzt. Details finden Sie hier: <a href=\"https:\/\/calendly.com\/pages\/dpa\" target=\"_blank\" rel=\"noopener\">https:\/\/calendly.com\/pages\/dpa<\/a>.<\/p><p>Das Unternehmen verf\u00fcgt \u00fcber eine Zertifizierung nach dem \u201eEU-US Data Privacy Framework\u201c (DPF). Der DPF ist ein \u00dcbereinkommen zwischen der Europ\u00e4ischen Union und den USA, der die Einhaltung europ\u00e4ischer Datenschutzstandards bei Datenverarbeitungen in den USA gew\u00e4hrleisten soll. Jedes nach dem DPF zertifizierte Unternehmen verpflichtet sich, diese Datenschutzstandards einzuhalten. Weitere Informationen hierzu erhalten Sie vom Anbieter unter folgendem Link: <a href=\"https:\/\/www.dataprivacyframework.gov\/participant\/6050\" target=\"_blank\" rel=\"noopener\">https:\/\/www.dataprivacyframework.gov\/participant\/6050<\/a>.\u00a0<\/p><h4>6. Cookies<\/h4><p>Unsere Website verwendet ausschlie\u00dflich technisch notwendige Cookies. Diese sind erforderlich, um die grundlegenden Funktionen der Website bereitzustellen.<\/p><p>Rechtsgrundlage ist \u00a7 25 Abs. 2 TTDSG in Verbindung mit Art. 6 Abs. 1 lit. f DSGVO.<\/p><p>Eine Nutzung von Cookies zu Analyse- oder Marketingzwecken findet derzeit nicht statt.<\/p><h4>7. Ihre Rechte<\/h4><p>Sie haben folgende Rechte:<\/p><p>&#8211; Recht auf Auskunft gem\u00e4\u00df Art. 15 DSGVO<br \/>&#8211; Recht auf Berichtigung gem\u00e4\u00df Art. 16 DSGVO<br \/>&#8211; Recht auf L\u00f6schung gem\u00e4\u00df Art. 17 DSGVO<br \/>&#8211; Recht auf Einschr\u00e4nkung der Verarbeitung gem\u00e4\u00df Art. 18 DSGVO<br \/>&#8211; Recht auf Daten\u00fcbertragbarkeit gem\u00e4\u00df Art. 20 DSGVO<br \/>&#8211; Recht auf Widerspruch gem\u00e4\u00df Art. 21 DSGVO<br \/>&#8211; Recht auf Widerruf einer erteilten Einwilligung gem\u00e4\u00df Art. 7 Abs. 3 DSGVO<\/p><p>Sie haben au\u00dferdem das Recht, sich bei einer Datenschutzaufsichtsbeh\u00f6rde zu beschweren (Art. 77 DSGVO).<\/p><h4>8. SSL-\/TLS-Verschl\u00fcsselung<\/h4><p>Unsere Website nutzt eine SSL- bzw. TLS-Verschl\u00fcsselung, um \u00fcbermittelte Inhalte zu sch\u00fctzen.<\/p><\/div><\/div><p><!-- \/wp:paragraph --><\/p>\t\t\t\t\t\t\t\t<\/div>\n\t\t\t\t<\/div>\n\t\t\t\t\t<\/div>\n\t\t<\/div>\n\t\t\t\t\t<\/div>\n\t\t<\/section>\n\t\t\t\t<section class=\"elementor-section elementor-top-section elementor-element elementor-element-626bf0c elementor-section-boxed elementor-section-height-default elementor-section-height-default\" data-id=\"626bf0c\" data-element_type=\"section\" data-e-type=\"section\">\n\t\t\t\t\t\t<div class=\"elementor-container elementor-column-gap-default\">\n\t\t\t\t\t<div class=\"elementor-column elementor-col-100 elementor-top-column elementor-element elementor-element-6d3981f\" data-id=\"6d3981f\" data-element_type=\"column\" data-e-type=\"column\">\n\t\t\t<div class=\"elementor-widget-wrap elementor-element-populated\">\n\t\t\t\t\t\t<div class=\"elementor-element elementor-element-231dd45 elementor-widget elementor-widget-html\" data-id=\"231dd45\" data-element_type=\"widget\" data-e-type=\"widget\" data-widget_type=\"html.default\">\n\t\t\t\t<div class=\"elementor-widget-container\">\n\t\t\t\t\t<div>Icons erstellt von <a href=\"https:\/\/www.freepik.com\" title=\"Freepik\">Freepik<\/a> from <a href=\"https:\/\/www.flaticon.com\/de\/\" title=\"Flaticon\">www.flaticon.com<\/a><\/div>\t\t\t\t<\/div>\n\t\t\t\t<\/div>\n\t\t\t\t\t<\/div>\n\t\t<\/div>\n\t\t\t\t\t<\/div>\n\t\t<\/section>\n\t\t\t\t<\/div>","protected":false},"excerpt":{"rendered":"<p>Impressum &amp; Datenschutz Anbieter: The Global Fine Art GmbH Vertreten&hellip;<\/p>\n<p> <a class=\"more-link\" href=\"https:\/\/tgfag.de\/en\/impressum-datenschutz\/\">Read more<\/a><\/p>","protected":false},"author":2,"featured_media":1,"parent":0,"menu_order":0,"comment_status":"closed","ping_status":"closed","template":"","meta":{"footnotes":""},"class_list":["post-12502","page","type-page","status-publish","has-post-thumbnail"],"yoast_head":"<!-- This site is optimized with the Yoast SEO plugin v27.5 - https:\/\/yoast.com\/product\/yoast-seo-wordpress\/ -->\n<title>Impressum &amp; Datenschutz - The Global Fine Art<\/title>\n<meta name=\"robots\" content=\"index, follow, max-snippet:-1, max-image-preview:large, max-video-preview:-1\" \/>\n<link rel=\"canonical\" href=\"https:\/\/tgfag.de\/en\/impressum-datenschutz\/\" \/>\n<meta property=\"og:locale\" content=\"en_GB\" \/>\n<meta property=\"og:type\" content=\"article\" \/>\n<meta property=\"og:title\" content=\"Impressum &amp; Datenschutz - The Global Fine Art\" \/>\n<meta property=\"og:description\" content=\"Impressum &amp; Datenschutz Anbieter: The Global Fine Art GmbH Vertreten&hellip;  Read more\" \/>\n<meta property=\"og:url\" content=\"https:\/\/tgfag.de\/en\/impressum-datenschutz\/\" \/>\n<meta property=\"og:site_name\" content=\"The Global Fine Art\" \/>\n<meta property=\"article:modified_time\" content=\"2026-03-16T21:11:37+00:00\" \/>\n<meta name=\"twitter:card\" content=\"summary_large_image\" \/>\n<meta name=\"twitter:label1\" content=\"Estimated reading time\" \/>\n\t<meta name=\"twitter:data1\" content=\"5 minutes\" \/>\n<script type=\"application\/ld+json\" class=\"yoast-schema-graph\">{\"@context\":\"https:\\\/\\\/schema.org\",\"@graph\":[{\"@type\":\"WebPage\",\"@id\":\"https:\\\/\\\/tgfag.de\\\/impressum-datenschutz\\\/\",\"url\":\"https:\\\/\\\/tgfag.de\\\/impressum-datenschutz\\\/\",\"name\":\"Impressum & Datenschutz - The Global Fine Art\",\"isPartOf\":{\"@id\":\"https:\\\/\\\/tgfag.de\\\/#website\"},\"primaryImageOfPage\":{\"@id\":\"https:\\\/\\\/tgfag.de\\\/impressum-datenschutz\\\/#primaryimage\"},\"image\":{\"@id\":\"https:\\\/\\\/tgfag.de\\\/impressum-datenschutz\\\/#primaryimage\"},\"thumbnailUrl\":\"\",\"datePublished\":\"2021-11-30T17:54:15+00:00\",\"dateModified\":\"2026-03-16T21:11:37+00:00\",\"breadcrumb\":{\"@id\":\"https:\\\/\\\/tgfag.de\\\/impressum-datenschutz\\\/#breadcrumb\"},\"inLanguage\":\"en-GB\",\"potentialAction\":[{\"@type\":\"ReadAction\",\"target\":[\"https:\\\/\\\/tgfag.de\\\/impressum-datenschutz\\\/\"]}]},{\"@type\":\"ImageObject\",\"inLanguage\":\"en-GB\",\"@id\":\"https:\\\/\\\/tgfag.de\\\/impressum-datenschutz\\\/#primaryimage\",\"url\":\"\",\"contentUrl\":\"\"},{\"@type\":\"BreadcrumbList\",\"@id\":\"https:\\\/\\\/tgfag.de\\\/impressum-datenschutz\\\/#breadcrumb\",\"itemListElement\":[{\"@type\":\"ListItem\",\"position\":1,\"name\":\"Startseite\",\"item\":\"https:\\\/\\\/tgfag.de\\\/\"},{\"@type\":\"ListItem\",\"position\":2,\"name\":\"Impressum &#038; Datenschutz\"}]},{\"@type\":\"WebSite\",\"@id\":\"https:\\\/\\\/tgfag.de\\\/#website\",\"url\":\"https:\\\/\\\/tgfag.de\\\/\",\"name\":\"The Global Fine Art\",\"description\":\"Kunst als Wertspeicher\",\"publisher\":{\"@id\":\"https:\\\/\\\/tgfag.de\\\/#organization\"},\"potentialAction\":[{\"@type\":\"SearchAction\",\"target\":{\"@type\":\"EntryPoint\",\"urlTemplate\":\"https:\\\/\\\/tgfag.de\\\/?s={search_term_string}\"},\"query-input\":{\"@type\":\"PropertyValueSpecification\",\"valueRequired\":true,\"valueName\":\"search_term_string\"}}],\"inLanguage\":\"en-GB\"},{\"@type\":\"Organization\",\"@id\":\"https:\\\/\\\/tgfag.de\\\/#organization\",\"name\":\"The Global Fine Art GmbH\",\"url\":\"https:\\\/\\\/tgfag.de\\\/\",\"logo\":{\"@type\":\"ImageObject\",\"inLanguage\":\"en-GB\",\"@id\":\"https:\\\/\\\/tgfag.de\\\/#\\\/schema\\\/logo\\\/image\\\/\",\"url\":\"https:\\\/\\\/tgfag.de\\\/wp-content\\\/uploads\\\/2022\\\/03\\\/WhatsApp-Image-2022-03-25-at-17.17.21.jpeg\",\"contentUrl\":\"https:\\\/\\\/tgfag.de\\\/wp-content\\\/uploads\\\/2022\\\/03\\\/WhatsApp-Image-2022-03-25-at-17.17.21.jpeg\",\"width\":2016,\"height\":1134,\"caption\":\"The Global Fine Art GmbH\"},\"image\":{\"@id\":\"https:\\\/\\\/tgfag.de\\\/#\\\/schema\\\/logo\\\/image\\\/\"},\"sameAs\":[\"https:\\\/\\\/www.linkedin.com\\\/company\\\/the-global-fine-art-gmbh\\\/\",\"https:\\\/\\\/www.youtube.com\\\/user\\\/TheGlobalFineArtGmbH\"]}]}<\/script>\n<!-- \/ Yoast SEO plugin. -->","yoast_head_json":{"title":"Impressum & Datenschutz - The Global Fine Art","robots":{"index":"index","follow":"follow","max-snippet":"max-snippet:-1","max-image-preview":"max-image-preview:large","max-video-preview":"max-video-preview:-1"},"canonical":"https:\/\/tgfag.de\/en\/impressum-datenschutz\/","og_locale":"en_GB","og_type":"article","og_title":"Impressum & Datenschutz - The Global Fine Art","og_description":"Impressum &amp; Datenschutz Anbieter: The Global Fine Art GmbH Vertreten&hellip;  Read more","og_url":"https:\/\/tgfag.de\/en\/impressum-datenschutz\/","og_site_name":"The Global Fine Art","article_modified_time":"2026-03-16T21:11:37+00:00","twitter_card":"summary_large_image","twitter_misc":{"Estimated reading time":"5 minutes"},"schema":{"@context":"https:\/\/schema.org","@graph":[{"@type":"WebPage","@id":"https:\/\/tgfag.de\/impressum-datenschutz\/","url":"https:\/\/tgfag.de\/impressum-datenschutz\/","name":"Impressum & Datenschutz - The Global Fine Art","isPartOf":{"@id":"https:\/\/tgfag.de\/#website"},"primaryImageOfPage":{"@id":"https:\/\/tgfag.de\/impressum-datenschutz\/#primaryimage"},"image":{"@id":"https:\/\/tgfag.de\/impressum-datenschutz\/#primaryimage"},"thumbnailUrl":"","datePublished":"2021-11-30T17:54:15+00:00","dateModified":"2026-03-16T21:11:37+00:00","breadcrumb":{"@id":"https:\/\/tgfag.de\/impressum-datenschutz\/#breadcrumb"},"inLanguage":"en-GB","potentialAction":[{"@type":"ReadAction","target":["https:\/\/tgfag.de\/impressum-datenschutz\/"]}]},{"@type":"ImageObject","inLanguage":"en-GB","@id":"https:\/\/tgfag.de\/impressum-datenschutz\/#primaryimage","url":"","contentUrl":""},{"@type":"BreadcrumbList","@id":"https:\/\/tgfag.de\/impressum-datenschutz\/#breadcrumb","itemListElement":[{"@type":"ListItem","position":1,"name":"Startseite","item":"https:\/\/tgfag.de\/"},{"@type":"ListItem","position":2,"name":"Impressum &#038; Datenschutz"}]},{"@type":"WebSite","@id":"https:\/\/tgfag.de\/#website","url":"https:\/\/tgfag.de\/","name":"The Global Fine Art","description":"Kunst als Wertspeicher","publisher":{"@id":"https:\/\/tgfag.de\/#organization"},"potentialAction":[{"@type":"SearchAction","target":{"@type":"EntryPoint","urlTemplate":"https:\/\/tgfag.de\/?s={search_term_string}"},"query-input":{"@type":"PropertyValueSpecification","valueRequired":true,"valueName":"search_term_string"}}],"inLanguage":"en-GB"},{"@type":"Organization","@id":"https:\/\/tgfag.de\/#organization","name":"The Global Fine Art GmbH","url":"https:\/\/tgfag.de\/","logo":{"@type":"ImageObject","inLanguage":"en-GB","@id":"https:\/\/tgfag.de\/#\/schema\/logo\/image\/","url":"https:\/\/tgfag.de\/wp-content\/uploads\/2022\/03\/WhatsApp-Image-2022-03-25-at-17.17.21.jpeg","contentUrl":"https:\/\/tgfag.de\/wp-content\/uploads\/2022\/03\/WhatsApp-Image-2022-03-25-at-17.17.21.jpeg","width":2016,"height":1134,"caption":"The Global Fine Art GmbH"},"image":{"@id":"https:\/\/tgfag.de\/#\/schema\/logo\/image\/"},"sameAs":["https:\/\/www.linkedin.com\/company\/the-global-fine-art-gmbh\/","https:\/\/www.youtube.com\/user\/TheGlobalFineArtGmbH"]}]}},"_links":{"self":[{"href":"https:\/\/tgfag.de\/en\/wp-json\/wp\/v2\/pages\/12502","targetHints":{"allow":["GET"]}}],"collection":[{"href":"https:\/\/tgfag.de\/en\/wp-json\/wp\/v2\/pages"}],"about":[{"href":"https:\/\/tgfag.de\/en\/wp-json\/wp\/v2\/types\/page"}],"author":[{"embeddable":true,"href":"https:\/\/tgfag.de\/en\/wp-json\/wp\/v2\/users\/2"}],"replies":[{"embeddable":true,"href":"https:\/\/tgfag.de\/en\/wp-json\/wp\/v2\/comments?post=12502"}],"version-history":[{"count":35,"href":"https:\/\/tgfag.de\/en\/wp-json\/wp\/v2\/pages\/12502\/revisions"}],"predecessor-version":[{"id":15957,"href":"https:\/\/tgfag.de\/en\/wp-json\/wp\/v2\/pages\/12502\/revisions\/15957"}],"wp:featuredmedia":[{"embeddable":true,"href":"https:\/\/tgfag.de\/en\/wp-json\/"}],"wp:attachment":[{"href":"https:\/\/tgfag.de\/en\/wp-json\/wp\/v2\/media?parent=12502"}],"curies":[{"name":"wp","href":"https:\/\/api.w.org\/{rel}","templated":true}]}}